{"id":136,"date":"2019-06-03T18:26:36","date_gmt":"2019-06-03T16:26:36","guid":{"rendered":"http:\/\/burgosrepresentacions.com\/?page_id=136"},"modified":"2019-09-13T05:39:43","modified_gmt":"2019-09-13T03:39:43","slug":"politica-de-privacitat","status":"publish","type":"page","link":"https:\/\/burgosrepresentacions.com\/es\/politica-de-privacitat\/","title":{"rendered":"Av\u00eds Legal i Pol\u00edtica de Privacitat"},"content":{"rendered":"\n<h4 class=\"wp-block-heading\">IDENTIFICACI\u00d3<\/h4>\n\n\n\n<p>En compliment amb el deure d&#8217;informaci\u00f3 recollit en article 10 de la Llei 34\/2002, de 11 de juliol, de Serveis de la Societat de la Informaci\u00f3 i del Comer\u00e7 Electr\u00f2nic, BURGOS REPRESENTACIONS, S.L., li informa que les dades aqu\u00ed consignades corresponen a l&#8217;entitat titular del lloc web www.burgosrepresentacions.com.<br><br>Denominaci\u00f3: BURGOS REPRESENTACIONS, S.L.<br>Domicili: PASSEIG CIUTAT DE MALLORCA, 15 &#8211; BJ 08016 BARCELONA (Barcelona)<br>Tel\u00e8fon: 933523245<br>Email: comercial@burgosrepresentacions.com<br>CIF: B58977067<br><\/p>\n\n\n\n<h4 class=\"wp-block-heading\">PROPIETAT INTEL\u00b7LECTUAL I INDUSTRIAL<\/h4>\n\n\n\n<p>Tots els drets de propietat industrial i intel\u00b7lectual de la totalitat d&#8217;elements continguts en aquesta web, incloses les marques comercials, formats, dissenys gr\u00e0fics, textos, imatges i documents, pertanyen a BURGOS REPRESENTACIONS, S.L. i es troben protegits per les lleis espanyoles i internacionals sobre propietat Intel\u00b7lectual i Industrial. Queda expressament prohibida la reproducci\u00f3 total o parcial d&#8217;aquest lloc web i de qualsevol dels seus continguts sense el perm\u00eds expr\u00e9s i per escrit de BURGOS REPRESENTACIONS, S.L..<br>L&#8217;acc\u00e9s al lloc web no implica cap tipus de ren\u00fancia, transmissi\u00f3, llic\u00e8ncia o cessi\u00f3 d&#8217;aquests drets per part de BURGOS REPRESENTACIONS, S.L., llevat que s&#8217;estableixi expressament el contrari.<br><\/p>\n\n\n\n<h4 class=\"wp-block-heading\">CONDICIONS D&#8217;\u00daS<\/h4>\n\n\n\n<p>L&#8217;acc\u00e9s a aquest lloc web implica l&#8217;acceptaci\u00f3 d&#8217;aquestes condicions d&#8217;\u00fas sense reserves que regulen l&#8217;acc\u00e9s i la utilitzaci\u00f3 del mateix per tal de posar a disposici\u00f3 dels usuaris informaci\u00f3 sobre els nostres productes.<br>Es prohibeix expressament la utilitzaci\u00f3 dels continguts d&#8217;aquest lloc web per a la seva utilitzaci\u00f3 amb fins comercials o per a la seva distribuci\u00f3, transformaci\u00f3 o comunicaci\u00f3.<br>BURGOS REPRESENTACIONS, S.L., no respondr\u00e0 de cap conseq\u00fc\u00e8ncia, dany o perjudici que poguessin derivar d&#8217;aquesta utilitzaci\u00f3 o \u00fas de la informaci\u00f3.<br>Tant l&#8217;acc\u00e9s a aquest web com l&#8217;\u00fas que pugui fer de la informaci\u00f3 continguda en la mateixa \u00e9s de l&#8217;exclusiva responsabilitat de qui ho realitza.<br>L&#8217;usuari s&#8217;obliga a no utilitzar la informaci\u00f3 que es publica en aquest web amb fins o efectes il\u00b7l\u00edcits o lesius, a no danyar o inutilitzar la informaci\u00f3 i a no realitzar qualsevol altra acci\u00f3 que puguin ser contr\u00e0ria al contingut d&#8217;aquest Av\u00eds Legal.<br>BURGOS REPRESENTACIONS, S.L. no pot assegurar la inexist\u00e8ncia d&#8217;interrupcions o errors en l&#8217;acc\u00e9s a aquest lloc web, tot i que posar\u00e0 els seus majors esfor\u00e7os per evitar-los.<br><\/p>\n\n\n\n<h4 class=\"wp-block-heading\">POL\u00cdTICA DE PROTECCI\u00d3 DE DADES<\/h4>\n\n\n\n<p>En compliment del REGLAMENT (UE) 2016\/679 DEL PARLAMENT EUROPEU I DEL CONSELL de 27 d&#8217;Abril de 2016, relatiu a la protecci\u00f3 de les persones f\u00edsiques pel que fa al tractament de dades personals i a la lliure circulaci\u00f3 d&#8217;aquestes dades i la seva normativa de desenvolupament, se li informa que les dades personals proporcionades per vost\u00e8 seran tractades amb les seg\u00fcents finalitats:<br>&#8211; Informar sobre els nostres productes i serveis, quan aix\u00ed ho sol\u00b7liciti.<br>&#8211; Donar contestaci\u00f3 i gestionar les seves sol\u00b7licituds d\u00b4assist\u00e8ncia t\u00e8cnica o recanvis, quan hi correspongui.<br><\/p>\n\n\n\n<p>Mitjan\u00e7ant l&#8217;emplenament de formularis de contacte de la web o mitjan\u00e7ant l&#8217;enviament de correus electr\u00f2nics o qualsevol altre tipus de sol\u00b7licitud d&#8217;informaci\u00f3 remesa a BURGOS REPRESENTACIONS, S.L., l&#8217;interessat d\u00f3na el seu consentiment expr\u00e9s per al tractament de les seves dades personals.<br>En cap cas BURGOS REPRESENTACIONS, S.L., utilitzar\u00e0 les dades personals dels interessats per a fins diferents dels anteriorment esmentats, ni les comunicar\u00e0 a tercers sense el consentiment previ i expr\u00e9s de l&#8217;afectat, i es compromet a guardar el degut secret professional i a establir les mesures t\u00e8cniques i organitzatives necess\u00e0ries per salvaguardar la informaci\u00f3 conforme als requeriments que estableix l&#8217;esmentat Reglament.<br>Les seves dades personals es conservaran en els nostres registres durant un per\u00edode de tres anys. No obstant aix\u00f2, en qualsevol moment vost\u00e8 pot demanar l&#8217;acc\u00e9s a les seves dades personals i la seva rectificaci\u00f3 o supressi\u00f3. Aix\u00ed com, limitar el seu tractament, o directament oposar-se al tractament o exercir el dret a la portabilitat dels mateixos.<br>Tamb\u00e9 li informem del seu dret a presentar una reclamaci\u00f3 davant l&#8217;Ag\u00e8ncia Espanyola de Protecci\u00f3 de Dades, si considera que en el tractament de les seves dades no s&#8217;estan respectant els seus drets.<br><\/p>\n\n\n\n<h4 class=\"wp-block-heading\">POL\u00cdTICA DE PROTECCI\u00d3 DE MENORS<\/h4>\n\n\n\n<p>Qui facilita les dades a trav\u00e9s dels formularis d&#8217;aquest web i accepta el seu tractament declara formalment ser major de 14 anys. Queda prohibit l&#8217;acc\u00e9s i \u00fas del portal als menors de 14 anys d&#8217;edat.<br>BURGOS REPRESENTACIONS, S.L. recorda a les persones majors d&#8217;edat que tinguin al seu c\u00e0rrec menors, que ser\u00e0 de la seva exclusiva responsabilitat si algun menor incorpora les seves dades per a sol\u00b7licitar algun producte.<br>Tamb\u00e9 els informa que existeixen programes inform\u00e0tics per acotar la navegaci\u00f3 mitjan\u00e7ant el filtre o bloqueig a determinats continguts.<br><\/p>\n\n\n\n<h4 class=\"wp-block-heading\">XARXES SOCIALS<\/h4>\n\n\n\n<p>En seguir el nostre perfil a les xarxes socials consent expressament el tractament de les seves dades personals conforme a la seva pol\u00edtica de privacitat. Tamb\u00e9 consent expressament l&#8217;acc\u00e9s de BURGOS REPRESENTACIONS, S.L. al tractament de les seves dades contingudes en la llista d&#8217;amics i al fet que al fet que les not\u00edcies publicades sobre qualsevol producte de BURGOS REPRESENTACIONS, S.L. apareguin en el seu mur.<br>De conformitat amb el REGLAMENT (UE) 2016\/679 del Parlament Europeu, l&#8217;informem que les dades personals dels seguidors de BURGOS REPRESENTACIONS, S.L., seran incorporades a un fitxer el titular del qual \u00e9s BURGOS REPRESENTACIONS, S.L. amb la finalitat de mantenir informats a trav\u00e9s de les xarxes socials sobre not\u00edcies relatives a les activitats de BURGOS REPRESENTACIONS, S.L..<br>La seva petici\u00f3 per connectar, implica necess\u00e0riament el seu consentiment per als tractaments assenyalats.<br>La publicaci\u00f3 de comentaris i continguts a les xarxes socials es convertiran en informaci\u00f3 p\u00fablica, de manera que els usuaris hauran de tenir especial cautela quan decideixin compartir la seva informaci\u00f3 personal. BURGOS REPRESENTACIONS, S.L. no es fa responsable per la informaci\u00f3 que els usuaris incorporin a la p\u00e0gina. No obstant aix\u00f2, les persones les dades personals estiguin publicats o estiguin inclosos en comentaris, podran sol\u00b7licitar a BURGOS REPRESENTACIONS, S.L. la cancel\u00b7laci\u00f3 dels mateixos.<br>En qualsevol moment, vost\u00e8 pot exercir els drets d&#8217;acc\u00e9s, rectificaci\u00f3, supressi\u00f3 i oposici\u00f3, limitar el tractament de les seves dades, o directament oposar-se al tractament, o exercir el dret a la portabilitat dels mateixos. Tot aix\u00f2, mitjan\u00e7ant escrit, acompanyat de c\u00f2pia de document oficial que li identifiqui, dirigit a BURGOS REPRESENTACIONS, S.L.. En cas de disconformitat amb el tractament, tamb\u00e9 t\u00e9 dret a presentar una reclamaci\u00f3 davant l&#8217;Ag\u00e8ncia Espanyola de Protecci\u00f3 de Dades.<br><\/p>\n\n\n\n<h4 class=\"wp-block-heading\">ENLLA\u00c7OS A ALTRES WEBS<\/h4>\n\n\n\n<p>Els enlla\u00e7os (links) que pot trobar en aquesta web s\u00f3n un servei als usuaris. Aquestes p\u00e0gines no s\u00f3n operades ni controlades per BURGOS REPRESENTACIONS, S.L., per aix\u00f2, no es fa responsable dels continguts d&#8217;aquests llocs web ni estan cobertes pel present Av\u00eds Legal. Si accedeix a aquestes p\u00e0gines Web haur\u00e0 de tenir en compte que les seves pol\u00edtiques de privacitat poden ser diferents a la nostra.<br><\/p>\n\n\n\n<h4 class=\"wp-block-heading\">LEGISLACI\u00d3 APLICABLE I COMPET\u00c8NCIA JURISDICCIONAL<\/h4>\n\n\n\n<p>El present Av\u00eds Legal es regeix per la normativa espanyola vigent que li \u00e9s d&#8217;aplicaci\u00f3.<br>Per a la resoluci\u00f3 de les controv\u00e8rsies que es puguin derivar com a conseq\u00fc\u00e8ncia del que disposen les presents disposicions i sobre la seva interpretaci\u00f3, aplicaci\u00f3 i compliment. L&#8217;usuari, en virtut de l&#8217;acceptaci\u00f3 de les condicions recollides en aquest Av\u00eds legal, renuncia expressament a qualsevol altre fur que pogu\u00e9s correspondre-li.<br>En qualsevol cas, dins de la jurisdicci\u00f3 espanyola, si la legislaci\u00f3 permet\u00e9s sotmetre a un fur en concret, l&#8217;usuari renuncia expressament al fur que pogu\u00e9s correspondre-i se sotmet volunt\u00e0riament a la jurisdicci\u00f3 dels Jutjats i Tribunals de BARCELONA.<\/p>\n","protected":false},"excerpt":{"rendered":"<p>IDENTIFICACI\u00d3 En compliment amb el deure d&#8217;informaci\u00f3 recollit en article 10 de la Llei 34\/2002, de 11 de juliol, de Serveis de la Societat de la Informaci\u00f3 i del Comer\u00e7 Electr\u00f2nic, BURGOS REPRESENTACIONS, S.L., li informa que les dades aqu\u00ed consignades corresponen a l&#8217;entitat titular del lloc web www.burgosrepresentacions.com. Denominaci\u00f3: BURGOS REPRESENTACIONS, S.L.Domicili: PASSEIG CIUTAT [&hellip;]<\/p>\n","protected":false},"author":1,"featured_media":0,"parent":0,"menu_order":0,"comment_status":"closed","ping_status":"closed","template":"","meta":{"_acf_changed":false,"_genesis_hide_title":false,"_genesis_hide_breadcrumbs":false,"_genesis_hide_singular_image":false,"_genesis_hide_footer_widgets":false,"_genesis_custom_body_class":"","_genesis_custom_post_class":"","_genesis_layout":"","footnotes":""},"class_list":{"0":"post-136","1":"page","2":"type-page","3":"status-publish","5":"entry"},"acf":[],"yoast_head":"<!-- This site is optimized with the Yoast SEO plugin v27.4 - https:\/\/yoast.com\/product\/yoast-seo-wordpress\/ -->\n<title>Av\u00eds Legal i Pol\u00edtica de Privacitat - Burgos Representaciones<\/title>\n<meta name=\"robots\" content=\"index, follow, max-snippet:-1, max-image-preview:large, max-video-preview:-1\" \/>\n<link rel=\"canonical\" href=\"https:\/\/burgosrepresentacions.com\/es\/politica-de-privacitat\/\" \/>\n<meta property=\"og:locale\" content=\"es_ES\" \/>\n<meta property=\"og:type\" content=\"article\" \/>\n<meta property=\"og:title\" content=\"Av\u00eds Legal i Pol\u00edtica de Privacitat - Burgos Representaciones\" \/>\n<meta property=\"og:description\" content=\"IDENTIFICACI\u00d3 En compliment amb el deure d&#8217;informaci\u00f3 recollit en article 10 de la Llei 34\/2002, de 11 de juliol, de Serveis de la Societat de la Informaci\u00f3 i del Comer\u00e7 Electr\u00f2nic, BURGOS REPRESENTACIONS, S.L., li informa que les dades aqu\u00ed consignades corresponen a l&#8217;entitat titular del lloc web www.burgosrepresentacions.com. Denominaci\u00f3: BURGOS REPRESENTACIONS, S.L.Domicili: PASSEIG CIUTAT [&hellip;]\" \/>\n<meta property=\"og:url\" content=\"https:\/\/burgosrepresentacions.com\/es\/politica-de-privacitat\/\" \/>\n<meta property=\"og:site_name\" content=\"Burgos Representaciones\" \/>\n<meta property=\"article:modified_time\" content=\"2019-09-13T03:39:43+00:00\" \/>\n<meta name=\"twitter:card\" content=\"summary_large_image\" \/>\n<meta name=\"twitter:label1\" content=\"Tiempo de lectura\" \/>\n\t<meta name=\"twitter:data1\" content=\"6 minutos\" \/>\n<script type=\"application\/ld+json\" class=\"yoast-schema-graph\">{\"@context\":\"https:\\\/\\\/schema.org\",\"@graph\":[{\"@type\":\"WebPage\",\"@id\":\"https:\\\/\\\/burgosrepresentacions.com\\\/es\\\/politica-de-privacitat\\\/\",\"url\":\"https:\\\/\\\/burgosrepresentacions.com\\\/es\\\/politica-de-privacitat\\\/\",\"name\":\"Av\u00eds Legal i Pol\u00edtica de Privacitat - Burgos Representaciones\",\"isPartOf\":{\"@id\":\"https:\\\/\\\/burgosrepresentacions.com\\\/es\\\/#website\"},\"datePublished\":\"2019-06-03T16:26:36+00:00\",\"dateModified\":\"2019-09-13T03:39:43+00:00\",\"breadcrumb\":{\"@id\":\"https:\\\/\\\/burgosrepresentacions.com\\\/es\\\/politica-de-privacitat\\\/#breadcrumb\"},\"inLanguage\":\"es\",\"potentialAction\":[{\"@type\":\"ReadAction\",\"target\":[\"https:\\\/\\\/burgosrepresentacions.com\\\/es\\\/politica-de-privacitat\\\/\"]}]},{\"@type\":\"BreadcrumbList\",\"@id\":\"https:\\\/\\\/burgosrepresentacions.com\\\/es\\\/politica-de-privacitat\\\/#breadcrumb\",\"itemListElement\":[{\"@type\":\"ListItem\",\"position\":1,\"name\":\"Portada\",\"item\":\"https:\\\/\\\/burgosrepresentacions.com\\\/es\\\/\"},{\"@type\":\"ListItem\",\"position\":2,\"name\":\"Av\u00eds Legal i Pol\u00edtica de Privacitat\"}]},{\"@type\":\"WebSite\",\"@id\":\"https:\\\/\\\/burgosrepresentacions.com\\\/es\\\/#website\",\"url\":\"https:\\\/\\\/burgosrepresentacions.com\\\/es\\\/\",\"name\":\"Burgos Representaciones\",\"description\":\"Maquinaria industrial y accesorios\",\"publisher\":{\"@id\":\"https:\\\/\\\/burgosrepresentacions.com\\\/es\\\/#organization\"},\"potentialAction\":[{\"@type\":\"SearchAction\",\"target\":{\"@type\":\"EntryPoint\",\"urlTemplate\":\"https:\\\/\\\/burgosrepresentacions.com\\\/es\\\/?s={search_term_string}\"},\"query-input\":{\"@type\":\"PropertyValueSpecification\",\"valueRequired\":true,\"valueName\":\"search_term_string\"}}],\"inLanguage\":\"es\"},{\"@type\":\"Organization\",\"@id\":\"https:\\\/\\\/burgosrepresentacions.com\\\/es\\\/#organization\",\"name\":\"Burgos Representaciones\",\"url\":\"https:\\\/\\\/burgosrepresentacions.com\\\/es\\\/\",\"logo\":{\"@type\":\"ImageObject\",\"inLanguage\":\"es\",\"@id\":\"https:\\\/\\\/burgosrepresentacions.com\\\/es\\\/#\\\/schema\\\/logo\\\/image\\\/\",\"url\":\"https:\\\/\\\/burgosrepresentacions.com\\\/es\\\/wp-content\\\/uploads\\\/sites\\\/2\\\/2019\\\/05\\\/logo-BurgosRepresentacions-recortado.png\",\"contentUrl\":\"https:\\\/\\\/burgosrepresentacions.com\\\/es\\\/wp-content\\\/uploads\\\/sites\\\/2\\\/2019\\\/05\\\/logo-BurgosRepresentacions-recortado.png\",\"width\":285,\"height\":79,\"caption\":\"Burgos Representaciones\"},\"image\":{\"@id\":\"https:\\\/\\\/burgosrepresentacions.com\\\/es\\\/#\\\/schema\\\/logo\\\/image\\\/\"}}]}<\/script>\n<!-- \/ Yoast SEO plugin. -->","yoast_head_json":{"title":"Av\u00eds Legal i Pol\u00edtica de Privacitat - Burgos Representaciones","robots":{"index":"index","follow":"follow","max-snippet":"max-snippet:-1","max-image-preview":"max-image-preview:large","max-video-preview":"max-video-preview:-1"},"canonical":"https:\/\/burgosrepresentacions.com\/es\/politica-de-privacitat\/","og_locale":"es_ES","og_type":"article","og_title":"Av\u00eds Legal i Pol\u00edtica de Privacitat - Burgos Representaciones","og_description":"IDENTIFICACI\u00d3 En compliment amb el deure d&#8217;informaci\u00f3 recollit en article 10 de la Llei 34\/2002, de 11 de juliol, de Serveis de la Societat de la Informaci\u00f3 i del Comer\u00e7 Electr\u00f2nic, BURGOS REPRESENTACIONS, S.L., li informa que les dades aqu\u00ed consignades corresponen a l&#8217;entitat titular del lloc web www.burgosrepresentacions.com. Denominaci\u00f3: BURGOS REPRESENTACIONS, S.L.Domicili: PASSEIG CIUTAT [&hellip;]","og_url":"https:\/\/burgosrepresentacions.com\/es\/politica-de-privacitat\/","og_site_name":"Burgos Representaciones","article_modified_time":"2019-09-13T03:39:43+00:00","twitter_card":"summary_large_image","twitter_misc":{"Tiempo de lectura":"6 minutos"},"schema":{"@context":"https:\/\/schema.org","@graph":[{"@type":"WebPage","@id":"https:\/\/burgosrepresentacions.com\/es\/politica-de-privacitat\/","url":"https:\/\/burgosrepresentacions.com\/es\/politica-de-privacitat\/","name":"Av\u00eds Legal i Pol\u00edtica de Privacitat - Burgos Representaciones","isPartOf":{"@id":"https:\/\/burgosrepresentacions.com\/es\/#website"},"datePublished":"2019-06-03T16:26:36+00:00","dateModified":"2019-09-13T03:39:43+00:00","breadcrumb":{"@id":"https:\/\/burgosrepresentacions.com\/es\/politica-de-privacitat\/#breadcrumb"},"inLanguage":"es","potentialAction":[{"@type":"ReadAction","target":["https:\/\/burgosrepresentacions.com\/es\/politica-de-privacitat\/"]}]},{"@type":"BreadcrumbList","@id":"https:\/\/burgosrepresentacions.com\/es\/politica-de-privacitat\/#breadcrumb","itemListElement":[{"@type":"ListItem","position":1,"name":"Portada","item":"https:\/\/burgosrepresentacions.com\/es\/"},{"@type":"ListItem","position":2,"name":"Av\u00eds Legal i Pol\u00edtica de Privacitat"}]},{"@type":"WebSite","@id":"https:\/\/burgosrepresentacions.com\/es\/#website","url":"https:\/\/burgosrepresentacions.com\/es\/","name":"Burgos Representaciones","description":"Maquinaria industrial y accesorios","publisher":{"@id":"https:\/\/burgosrepresentacions.com\/es\/#organization"},"potentialAction":[{"@type":"SearchAction","target":{"@type":"EntryPoint","urlTemplate":"https:\/\/burgosrepresentacions.com\/es\/?s={search_term_string}"},"query-input":{"@type":"PropertyValueSpecification","valueRequired":true,"valueName":"search_term_string"}}],"inLanguage":"es"},{"@type":"Organization","@id":"https:\/\/burgosrepresentacions.com\/es\/#organization","name":"Burgos Representaciones","url":"https:\/\/burgosrepresentacions.com\/es\/","logo":{"@type":"ImageObject","inLanguage":"es","@id":"https:\/\/burgosrepresentacions.com\/es\/#\/schema\/logo\/image\/","url":"https:\/\/burgosrepresentacions.com\/es\/wp-content\/uploads\/sites\/2\/2019\/05\/logo-BurgosRepresentacions-recortado.png","contentUrl":"https:\/\/burgosrepresentacions.com\/es\/wp-content\/uploads\/sites\/2\/2019\/05\/logo-BurgosRepresentacions-recortado.png","width":285,"height":79,"caption":"Burgos Representaciones"},"image":{"@id":"https:\/\/burgosrepresentacions.com\/es\/#\/schema\/logo\/image\/"}}]}},"featured_image_src":null,"featured_image_src_square":null,"_links":{"self":[{"href":"https:\/\/burgosrepresentacions.com\/es\/wp-json\/wp\/v2\/pages\/136","targetHints":{"allow":["GET"]}}],"collection":[{"href":"https:\/\/burgosrepresentacions.com\/es\/wp-json\/wp\/v2\/pages"}],"about":[{"href":"https:\/\/burgosrepresentacions.com\/es\/wp-json\/wp\/v2\/types\/page"}],"author":[{"embeddable":true,"href":"https:\/\/burgosrepresentacions.com\/es\/wp-json\/wp\/v2\/users\/1"}],"replies":[{"embeddable":true,"href":"https:\/\/burgosrepresentacions.com\/es\/wp-json\/wp\/v2\/comments?post=136"}],"version-history":[{"count":3,"href":"https:\/\/burgosrepresentacions.com\/es\/wp-json\/wp\/v2\/pages\/136\/revisions"}],"predecessor-version":[{"id":278,"href":"https:\/\/burgosrepresentacions.com\/es\/wp-json\/wp\/v2\/pages\/136\/revisions\/278"}],"wp:attachment":[{"href":"https:\/\/burgosrepresentacions.com\/es\/wp-json\/wp\/v2\/media?parent=136"}],"curies":[{"name":"wp","href":"https:\/\/api.w.org\/{rel}","templated":true}]}}